{"id":2,"date":"2019-03-31T17:28:00","date_gmt":"2019-03-31T16:28:00","guid":{"rendered":"https:\/\/villateresita.org\/?page_id=2"},"modified":"2024-07-10T19:16:29","modified_gmt":"2024-07-10T17:16:29","slug":"contacta-con-nosotras","status":"publish","type":"page","link":"https:\/\/villateresita.org\/?page_id=2","title":{"rendered":""},"content":{"rendered":"<div class=\"wp-block-jetpack-contact-form is-layout-flex wp-container-jetpack-contact-form-is-layout-7f6ac06e wp-block-jetpack-contact-form-is-layout-flex\"><a href=\"https:\/\/villateresita.org\/?page_id=2\" target=\"_blank\" rel=\"noopener noreferrer\">Env\u00eda un formulario.<\/a><\/div>\n\n\n<div class=\"wp-block-group alignwide\"><div class=\"wp-block-group__inner-container is-layout-flow wp-block-group-is-layout-flow\">\n<blockquote class=\"wp-block-quote is-layout-flow wp-block-quote-is-layout-flow\">\n<div style=\"height:23px\" aria-hidden=\"true\" class=\"wp-block-spacer\"><\/div>\n\n\n\n<p class=\"has-text-align-justify has-small-font-size wp-block-paragraph\"><strong>AVISO LEGAL<\/strong>: Recogida de datos en p\u00e1gina web (LSSICE + LOPD)<\/p>\n\n\n\n<p class=\"has-text-align-justify has-small-font-size wp-block-paragraph\">\u00abEn cumplimiento del Reglamento General de Protecci\u00f3n de Datos (UE) 2016\/679 del Parlamento Europeo y del Consejo de 27 de abril de 2016 y la ley org\u00e1nica 3\/2018 de 5 de diciembre de Protecci\u00f3n de Datos Personales y de Garant\u00eda de los Derechos Digitales le informamos que los datos por Vd. proporcionados ser\u00e1n objeto de tratamiento por parte de AUXILIARES DEL BUEN PASTOR VILLA TERESITA con CIF R4600273I, con domicilio en VALENCIA (VALENCIA), C.P. 46001, CALLE BALMES 14 BJ, valencia, con la finalidad de prestarle el servicio solicitado y\/o contratado, realizar la facturaci\u00f3n del mismo.<br>La base legal para el tratamiento de sus datos es la ejecuci\u00f3n del servicio por usted contratado y\/o solicitado.<br>La oferta prospectiva de productos y servicios est\u00e1 basada en el consentimiento que se le solicita, sin que en ning\u00fan caso la retirada de este consentimiento condicione la ejecuci\u00f3n del contrato.<br>Los datos proporcionados se conservar\u00e1n mientras se mantenga la relaci\u00f3n comercial o durante los a\u00f1os necesarios para cumplir con las obligaciones legales. Los datos no se ceder\u00e1n a terceros salvo en los casos en que exista una obligaci\u00f3n legal.<br>Usted tiene derecho a obtener confirmaci\u00f3n sobre si en AUXILIARES DEL BUEN PASTOR VILLA TERESITA estamos tratando sus datos personales y por tanto tiene derecho a ejercer sus derechos de acceso, rectificaci\u00f3n, limitaci\u00f3n del tratamiento, portabilidad, oposici\u00f3n al tratamiento y supresi\u00f3n de sus datos mediante escrito dirigido a la direcci\u00f3n postal arriba mencionada o electr\u00f3nica centrosocialvt@gmail.com, adjuntando copia del DNI en ambos casos, as\u00ed como el derecho a presentar una reclamaci\u00f3n ante la Autoridad de Control (aepd.es)<br>Asimismo le solicitamos su autorizaci\u00f3n para ofrecerle productos y servicios relacionados con los solicitados,<br>prestados y\/o comercializados por nuestra entidad y poder de esa forma fidelizarle.<\/p>\n\n\n\n<div style=\"height:14px\" aria-hidden=\"true\" class=\"wp-block-spacer\"><\/div>\n\n\n<div class=\"wp-block-jetpack-contact-form is-style-default is-layout-flex wp-container-jetpack-contact-form-is-layout-7f6ac06e wp-block-jetpack-contact-form-is-layout-flex\"><a href=\"https:\/\/villateresita.org\/?page_id=2\" target=\"_blank\" rel=\"noopener noreferrer\">Env\u00eda un formulario.<\/a><\/div>\n\n\n<div style=\"height:16px\" aria-hidden=\"true\" class=\"wp-block-spacer\"><\/div>\n\n\n\n<p class=\"has-text-align-justify has-small-font-size wp-block-paragraph\"><strong>LEGAL NOTICE<\/strong>: Data collection on the website (LSSICE + LOPD Spanish Laws)<\/p>\n\n\n\n<p class=\"has-text-align-justify has-small-font-size wp-block-paragraph\">\u00abIn compliance with the Data Protection General Regulation (EU) 2016\/679 of the European Parliament and the Council, on the 27th April 2016 and Organic Law 3\/2018 of December 5th on Personal Data Protection and Guarantee of Digital Rights, we inform you that the provided personal data will be processed by AUXILIARES DEL BUEN PASTOR VILLA TERESITA with VAT number R4600273I, addressed in VALENCIA (VALENCIA), C.P.<br>46001, CALLE BALMES 14 BJ, valencia, to provide the requested service, and make the billing of it.<br>The legal basis for the processing of your personal data is the execution of the contracted service. The future offer of products and services will be based on the requested consent, and in the case of the withdrawal of this consent, this would never condition the execution of the contract.<br>The data provided will be kept as long as the commercial relationship is maintained or during the years necessary to comply with the legal obligations. The data will not be transferred to third parties except in cases where there is a legal obligation.<br>You have the right to obtain confirmation of whether or not we are treating your personal data under AUXILIARES DEL BUEN PASTOR VILLA TERESITA and therefore you have the right to exercise your rights of access, rectification, treatment limitation, portability, opposition to treatment and suppression of your data by writing to the address postal mentioned above or electronic account centrosocialvt@gmail.com attached mail copy of the ID in both cases, as well as the right to file a claim with the Control Authority (aepd.es) \u00ab.<br>We also request authorization to offer you products and services related to those requested, executed and\/or marketed by our company enabling us to keep you as a client.<\/p>\n\n\n\n<div style=\"height:23px\" aria-hidden=\"true\" class=\"wp-block-spacer\"><\/div>\n\n\n<div class=\"wp-block-jetpack-contact-form is-style-default is-layout-flex wp-container-jetpack-contact-form-is-layout-7f6ac06e wp-block-jetpack-contact-form-is-layout-flex\"><a href=\"https:\/\/villateresita.org\/?page_id=2\" target=\"_blank\" rel=\"noopener noreferrer\">Env\u00eda un formulario.<\/a><\/div>\n\n\n<div style=\"height:23px\" aria-hidden=\"true\" class=\"wp-block-spacer\"><\/div>\n<\/blockquote>\n<\/div><\/div>\n\n\n\n<div style=\"height:135px\" aria-hidden=\"true\" class=\"wp-block-spacer\"><\/div>\n\n\n\n\t\t<figure class=\"wp-block-jetpack-videopress jetpack-videopress-player alignwide\" style=\"\" >\n\t\t\t<div class=\"jetpack-videopress-player__wrapper\"> <div class=\"jetpack-video-wrapper\"><iframe title=\"VideoPress Video Player\" aria-label='VideoPress Video Player' width='640' height='640' src='https:\/\/videopress.com\/embed\/fMqhVFLF?cover=1&amp;autoPlay=1&amp;controls=0&amp;loop=1&amp;muted=0&amp;persistVolume=1&amp;playsinline=0&amp;preloadContent=metadata&amp;useAverageColor=1&amp;hd=0' frameborder='0' allowfullscreen data-resize-to-parent=\"true\" allow='clipboard-write'><\/iframe><script src='https:\/\/v0.wordpress.com\/js\/next\/videopress-iframe.js?m=1725245713'><\/script><\/div><\/div>\n\t\t\t\n\t\t\t\n\t\t<\/figure>\n\t\t","protected":false},"excerpt":{"rendered":"<p>AVISO LEGAL: Recogida de datos en p\u00e1gina web (LSSICE + LOPD) \u00abEn cumplimiento del Reglamento General de Protecci\u00f3n de Datos (UE) 2016\/679 del Parlamento Europeo y del Consejo de 27 de abril de 2016 y la ley org\u00e1nica&#8230; <a class=\"read-more\" href=\"https:\/\/villateresita.org\/?page_id=2\">Leer M\u00e1s<\/a><\/p>\n","protected":false},"author":155300838,"featured_media":5405,"parent":0,"menu_order":2,"comment_status":"closed","ping_status":"closed","template":"template-full.php","meta":{"_coblocks_attr":"","_coblocks_dimensions":"","_coblocks_responsive_height":"","_coblocks_accordion_ie_support":"","_crdt_document":"","footnotes":""},"class_list":["post-2","page","type-page","status-publish","has-post-thumbnail","hentry"],"yoast_head":"<!-- This site is optimized with the Yoast SEO Premium plugin v26.3 (Yoast SEO v27.5) - https:\/\/yoast.com\/product\/yoast-seo-premium-wordpress\/ -->\n<title>- Villa Teresita<\/title>\n<meta name=\"description\" content=\"Contacta con nosotras a trav\u00e9s de este formulario y te responderemos lo antes posible.\" \/>\n<meta name=\"robots\" content=\"index, follow, max-snippet:-1, max-image-preview:large, max-video-preview:-1\" \/>\n<link rel=\"canonical\" href=\"https:\/\/villateresita.org\/?page_id=2\" \/>\n<meta property=\"og:locale\" content=\"es_ES\" \/>\n<meta property=\"og:type\" content=\"article\" \/>\n<meta property=\"og:description\" content=\"Contacta con nosotras a trav\u00e9s de este formulario y te responderemos lo antes posible.\" \/>\n<meta property=\"og:url\" content=\"https:\/\/villateresita.org\/?page_id=2\" \/>\n<meta property=\"og:site_name\" content=\"Villa Teresita\" \/>\n<meta property=\"article:publisher\" content=\"https:\/\/www.facebook.com\/villa.teresita.35\" \/>\n<meta property=\"article:modified_time\" content=\"2024-07-10T17:16:29+00:00\" \/>\n<meta property=\"og:image\" content=\"https:\/\/villateresita.org\/wp-content\/uploads\/2024\/07\/VillaTeresita-82-1024x683.jpg\" \/>\n\t<meta property=\"og:image:width\" content=\"1024\" \/>\n\t<meta property=\"og:image:height\" content=\"683\" \/>\n\t<meta property=\"og:image:type\" content=\"image\/jpeg\" \/>\n<meta name=\"twitter:card\" content=\"summary_large_image\" \/>\n<script type=\"application\/ld+json\" class=\"yoast-schema-graph\">{\"@context\":\"https:\\\/\\\/schema.org\",\"@graph\":[{\"@type\":\"WebPage\",\"@id\":\"https:\\\/\\\/villateresita.org\\\/?page_id=2\",\"url\":\"https:\\\/\\\/villateresita.org\\\/?page_id=2\",\"name\":\"- Villa Teresita\",\"isPartOf\":{\"@id\":\"https:\\\/\\\/villateresita.org\\\/#website\"},\"primaryImageOfPage\":{\"@id\":\"https:\\\/\\\/villateresita.org\\\/?page_id=2#primaryimage\"},\"image\":{\"@id\":\"https:\\\/\\\/villateresita.org\\\/?page_id=2#primaryimage\"},\"thumbnailUrl\":\"https:\\\/\\\/i0.wp.com\\\/villateresita.org\\\/wp-content\\\/uploads\\\/2024\\\/07\\\/VillaTeresita-82.jpg?fit=3936%2C2624&ssl=1\",\"datePublished\":\"2019-03-31T16:28:00+00:00\",\"dateModified\":\"2024-07-10T17:16:29+00:00\",\"description\":\"Contacta con nosotras a trav\u00e9s de este formulario y te responderemos lo antes posible.\",\"inLanguage\":\"es\",\"potentialAction\":[{\"@type\":\"ReadAction\",\"target\":[\"https:\\\/\\\/villateresita.org\\\/?page_id=2\"]}]},{\"@type\":\"ImageObject\",\"inLanguage\":\"es\",\"@id\":\"https:\\\/\\\/villateresita.org\\\/?page_id=2#primaryimage\",\"url\":\"https:\\\/\\\/i0.wp.com\\\/villateresita.org\\\/wp-content\\\/uploads\\\/2024\\\/07\\\/VillaTeresita-82.jpg?fit=3936%2C2624&ssl=1\",\"contentUrl\":\"https:\\\/\\\/i0.wp.com\\\/villateresita.org\\\/wp-content\\\/uploads\\\/2024\\\/07\\\/VillaTeresita-82.jpg?fit=3936%2C2624&ssl=1\",\"width\":3936,\"height\":2624},{\"@type\":\"WebSite\",\"@id\":\"https:\\\/\\\/villateresita.org\\\/#website\",\"url\":\"https:\\\/\\\/villateresita.org\\\/\",\"name\":\"Villa Teresita\",\"description\":\"Auxiliares del Buen Pastor\",\"publisher\":{\"@id\":\"https:\\\/\\\/villateresita.org\\\/#organization\"},\"potentialAction\":[{\"@type\":\"SearchAction\",\"target\":{\"@type\":\"EntryPoint\",\"urlTemplate\":\"https:\\\/\\\/villateresita.org\\\/?s={search_term_string}\"},\"query-input\":{\"@type\":\"PropertyValueSpecification\",\"valueRequired\":true,\"valueName\":\"search_term_string\"}}],\"inLanguage\":\"es\"},{\"@type\":[\"Organization\",\"Place\"],\"@id\":\"https:\\\/\\\/villateresita.org\\\/#organization\",\"name\":\"Villa Teresita - Auxiliares del Buen Pastor\",\"url\":\"https:\\\/\\\/villateresita.org\\\/\",\"logo\":{\"@id\":\"https:\\\/\\\/villateresita.org\\\/?page_id=2#local-main-organization-logo\"},\"image\":{\"@id\":\"https:\\\/\\\/villateresita.org\\\/?page_id=2#local-main-organization-logo\"},\"sameAs\":[\"https:\\\/\\\/www.facebook.com\\\/villa.teresita.35\",\"https:\\\/\\\/www.instagram.com\\\/villateresitac\\\/\",\"https:\\\/\\\/www.youtube.com\\\/channel\\\/UCJGqsco1c-SysxPvoKp1f-A\"],\"publishingPrinciples\":\"https:\\\/\\\/villateresita.org\\\/\",\"telephone\":[],\"openingHoursSpecification\":[{\"@type\":\"OpeningHoursSpecification\",\"dayOfWeek\":[\"Monday\",\"Tuesday\",\"Wednesday\",\"Thursday\",\"Friday\",\"Saturday\",\"Sunday\"],\"opens\":\"09:00\",\"closes\":\"17:00\"}]},{\"@type\":\"ImageObject\",\"inLanguage\":\"es\",\"@id\":\"https:\\\/\\\/villateresita.org\\\/?page_id=2#local-main-organization-logo\",\"url\":\"https:\\\/\\\/i0.wp.com\\\/villateresita.org\\\/wp-content\\\/uploads\\\/2019\\\/07\\\/Logo-negro.png?fit=512%2C512&ssl=1\",\"contentUrl\":\"https:\\\/\\\/i0.wp.com\\\/villateresita.org\\\/wp-content\\\/uploads\\\/2019\\\/07\\\/Logo-negro.png?fit=512%2C512&ssl=1\",\"width\":512,\"height\":512,\"caption\":\"Villa Teresita - Auxiliares del Buen Pastor\"}]}<\/script>\n<!-- \/ Yoast SEO Premium plugin. -->","yoast_head_json":{"title":"- Villa Teresita","description":"Contacta con nosotras a trav\u00e9s de este formulario y te responderemos lo antes posible.","robots":{"index":"index","follow":"follow","max-snippet":"max-snippet:-1","max-image-preview":"max-image-preview:large","max-video-preview":"max-video-preview:-1"},"canonical":"https:\/\/villateresita.org\/?page_id=2","og_locale":"es_ES","og_type":"article","og_description":"Contacta con nosotras a trav\u00e9s de este formulario y te responderemos lo antes posible.","og_url":"https:\/\/villateresita.org\/?page_id=2","og_site_name":"Villa Teresita","article_publisher":"https:\/\/www.facebook.com\/villa.teresita.35","article_modified_time":"2024-07-10T17:16:29+00:00","og_image":[{"width":1024,"height":683,"url":"https:\/\/villateresita.org\/wp-content\/uploads\/2024\/07\/VillaTeresita-82-1024x683.jpg","type":"image\/jpeg"}],"twitter_card":"summary_large_image","schema":{"@context":"https:\/\/schema.org","@graph":[{"@type":"WebPage","@id":"https:\/\/villateresita.org\/?page_id=2","url":"https:\/\/villateresita.org\/?page_id=2","name":"- Villa Teresita","isPartOf":{"@id":"https:\/\/villateresita.org\/#website"},"primaryImageOfPage":{"@id":"https:\/\/villateresita.org\/?page_id=2#primaryimage"},"image":{"@id":"https:\/\/villateresita.org\/?page_id=2#primaryimage"},"thumbnailUrl":"https:\/\/i0.wp.com\/villateresita.org\/wp-content\/uploads\/2024\/07\/VillaTeresita-82.jpg?fit=3936%2C2624&ssl=1","datePublished":"2019-03-31T16:28:00+00:00","dateModified":"2024-07-10T17:16:29+00:00","description":"Contacta con nosotras a trav\u00e9s de este formulario y te responderemos lo antes posible.","inLanguage":"es","potentialAction":[{"@type":"ReadAction","target":["https:\/\/villateresita.org\/?page_id=2"]}]},{"@type":"ImageObject","inLanguage":"es","@id":"https:\/\/villateresita.org\/?page_id=2#primaryimage","url":"https:\/\/i0.wp.com\/villateresita.org\/wp-content\/uploads\/2024\/07\/VillaTeresita-82.jpg?fit=3936%2C2624&ssl=1","contentUrl":"https:\/\/i0.wp.com\/villateresita.org\/wp-content\/uploads\/2024\/07\/VillaTeresita-82.jpg?fit=3936%2C2624&ssl=1","width":3936,"height":2624},{"@type":"WebSite","@id":"https:\/\/villateresita.org\/#website","url":"https:\/\/villateresita.org\/","name":"Villa Teresita","description":"Auxiliares del Buen Pastor","publisher":{"@id":"https:\/\/villateresita.org\/#organization"},"potentialAction":[{"@type":"SearchAction","target":{"@type":"EntryPoint","urlTemplate":"https:\/\/villateresita.org\/?s={search_term_string}"},"query-input":{"@type":"PropertyValueSpecification","valueRequired":true,"valueName":"search_term_string"}}],"inLanguage":"es"},{"@type":["Organization","Place"],"@id":"https:\/\/villateresita.org\/#organization","name":"Villa Teresita - Auxiliares del Buen Pastor","url":"https:\/\/villateresita.org\/","logo":{"@id":"https:\/\/villateresita.org\/?page_id=2#local-main-organization-logo"},"image":{"@id":"https:\/\/villateresita.org\/?page_id=2#local-main-organization-logo"},"sameAs":["https:\/\/www.facebook.com\/villa.teresita.35","https:\/\/www.instagram.com\/villateresitac\/","https:\/\/www.youtube.com\/channel\/UCJGqsco1c-SysxPvoKp1f-A"],"publishingPrinciples":"https:\/\/villateresita.org\/","telephone":[],"openingHoursSpecification":[{"@type":"OpeningHoursSpecification","dayOfWeek":["Monday","Tuesday","Wednesday","Thursday","Friday","Saturday","Sunday"],"opens":"09:00","closes":"17:00"}]},{"@type":"ImageObject","inLanguage":"es","@id":"https:\/\/villateresita.org\/?page_id=2#local-main-organization-logo","url":"https:\/\/i0.wp.com\/villateresita.org\/wp-content\/uploads\/2019\/07\/Logo-negro.png?fit=512%2C512&ssl=1","contentUrl":"https:\/\/i0.wp.com\/villateresita.org\/wp-content\/uploads\/2019\/07\/Logo-negro.png?fit=512%2C512&ssl=1","width":512,"height":512,"caption":"Villa Teresita - Auxiliares del Buen Pastor"}]}},"jetpack_likes_enabled":null,"jetpack_sharing_enabled":false,"jetpack_shortlink":"https:\/\/wp.me\/PaRdSy-2","jetpack-related-posts":[],"amp_enabled":true,"_links":{"self":[{"href":"https:\/\/villateresita.org\/index.php?rest_route=\/wp\/v2\/pages\/2","targetHints":{"allow":["GET"]}}],"collection":[{"href":"https:\/\/villateresita.org\/index.php?rest_route=\/wp\/v2\/pages"}],"about":[{"href":"https:\/\/villateresita.org\/index.php?rest_route=\/wp\/v2\/types\/page"}],"author":[{"embeddable":true,"href":"https:\/\/villateresita.org\/index.php?rest_route=\/wp\/v2\/users\/155300838"}],"replies":[{"embeddable":true,"href":"https:\/\/villateresita.org\/index.php?rest_route=%2Fwp%2Fv2%2Fcomments&post=2"}],"version-history":[{"count":59,"href":"https:\/\/villateresita.org\/index.php?rest_route=\/wp\/v2\/pages\/2\/revisions"}],"predecessor-version":[{"id":6971,"href":"https:\/\/villateresita.org\/index.php?rest_route=\/wp\/v2\/pages\/2\/revisions\/6971"}],"wp:featuredmedia":[{"embeddable":true,"href":"https:\/\/villateresita.org\/index.php?rest_route=\/wp\/v2\/media\/5405"}],"wp:attachment":[{"href":"https:\/\/villateresita.org\/index.php?rest_route=%2Fwp%2Fv2%2Fmedia&parent=2"}],"curies":[{"name":"wp","href":"https:\/\/api.w.org\/{rel}","templated":true}]}}